{"id":1322,"date":"2023-04-19T11:25:57","date_gmt":"2023-04-19T09:25:57","guid":{"rendered":"https:\/\/wp.sprachtherapie-duisburg.de\/aktuelles\/?page_id=1322"},"modified":"2025-12-18T09:25:42","modified_gmt":"2025-12-18T08:25:42","slug":"jobs","status":"publish","type":"page","link":"https:\/\/wp.sprachtherapie-duisburg.de\/aktuelles\/jobs\/","title":{"rendered":"Jobs bei Logop\u00e4die Oehm &#038; Sommer"},"content":{"rendered":"\n<p class=\"wp-block-paragraph\"><mark style=\"background-color:#ecf4fd\" class=\"has-inline-color\">12 \/ 2025<\/mark><\/p>\n\n\n\n<hr class=\"wp-block-separator aligncenter has-text-color has-vivid-cyan-blue-color has-alpha-channel-opacity has-vivid-cyan-blue-background-color has-background\"\/>\n\n\n\n<p class=\"wp-block-paragraph\"><strong><span class=\"highlight\">Du bist Logop\u00e4din \/ Logop\u00e4de, akademische Sprachtherapeutin \/ Sprachtherapeut oder klinische Linguistin \/ Linguist?<\/span><\/strong> (m\/w\/d)<\/p>\n\n\n\n<hr class=\"wp-block-separator has-text-color has-cyan-bluish-gray-color has-alpha-channel-opacity has-cyan-bluish-gray-background-color has-background\"\/>\n\n\n\n<p class=\"o-typing-delay-2s wp-block-paragraph\"><strong><o-anim-typing>Dann bewirb dich jetzt bei uns!<\/o-anim-typing><\/strong><\/p>\n\n\n\n<p class=\"wp-block-paragraph\"><strong>Wo du uns findest:<\/strong><\/p>\n\n\n\n<ul class=\"wp-block-list\">\n<li>Am Jubil\u00e4umshain in Duisburg-R\u00f6ttgersbach \u2013 gemeinsam mit Ergo- und Physiotherapie sowie Kinder- und Jugendlichenpsychotherapie<\/li>\n\n\n\n<li>Im Gesundheitszentrum Walsum in Duisburg-Aldenrade \u2013 mit Ergo- und Physiotherapie, HNO, klinischer Neuropsychologie u.a.<\/li>\n\n\n\n<li>Im Therapiezentrum Vierlinden \u2013 im Verbund mit Ergo- und Physiotherapie<\/li>\n\n\n\n<li>In Dinslaken-Eppinghoven \u2013 mit Ergo-, Physiotherapie und Osteopathie<\/li>\n<\/ul>\n\n\n\n<p class=\"wp-block-paragraph\"><\/p>\n\n\n\n<p class=\"wp-block-paragraph\"><strong>Was dich erwartet:<\/strong><\/p>\n\n\n\n<ul class=\"wp-block-list\">\n<li>Voll- oder Teilzeitstelle (Vollzeit = 38 Wochenstunden inkl. Therapie-, Vorbereitungs- und Organisationszeit sowie Fahrzeiten bei Hausbesuchen)<\/li>\n\n\n\n<li>Unterst\u00fctzung bei allen Verwaltungsarbeiten durch unser engagiertes B\u00fcroteam<\/li>\n\n\n\n<li>Strukturierte Einarbeitung f\u00fcr Berufseinsteiger*innen und neue Teammitglieder \u2013 auf Wunsch mit gestaffelter Wochenarbeitszeit<\/li>\n\n\n\n<li>Ein starkes, kollegiales Team, das dich begleitet und unterst\u00fctzt<\/li>\n\n\n\n<li>W\u00f6chentliche Teamsitzungen w\u00e4hrend der Arbeitszeit<\/li>\n\n\n\n<li>Regelm\u00e4\u00dfige Teamveranstaltungen sowie Inhouse-Fortbildungen in unserem eigenen Seminarraum in Eppinghoven<\/li>\n<\/ul>\n\n\n\n<p class=\"wp-block-paragraph\"><\/p>\n\n\n\n<p class=\"wp-block-paragraph\"><strong>Deine Vorteile bei uns:<\/strong><\/p>\n\n\n\n<ul class=\"wp-block-list\">\n<li>\u00dcberdurchschnittliche Bezahlung \u2013 ganz ohne versteckte Abz\u00fcge:\n<ul class=\"wp-block-list\">\n<li>keine Nacharbeit ausgefallener Therapien<\/li>\n\n\n\n<li>keine Minuskonten<\/li>\n<\/ul>\n<\/li>\n\n\n\n<li>\u00dcbernahme der Kosten f\u00fcr j\u00e4hrlich garantierte Fortbildungstage (inkl. Ausgleichstagen bei Wochenendseminaren)<\/li>\n\n\n\n<li>Betriebliche Altersvorsorge und verm\u00f6genswirksame Leistungen bei einem Anbieter deiner Wahl<\/li>\n\n\n\n<li>30 Urlaubstage bei Vollzeit<\/li>\n\n\n\n<li>Zus\u00e4tzliche freie Tage an Rosenmontag, Heiligabend, Silvester \u2013 und nat\u00fcrlich an deinem Geburtstag (falls er auf einen Arbeitstag f\u00e4llt)<\/li>\n\n\n\n<li>Monatlicher Tank- oder Warengutschein in H\u00f6he von 50 \u20ac<\/li>\n\n\n\n<li>Finanzielle Unterst\u00fctzung im Rahmen der betrieblichen Gesundheitsf\u00f6rderung<\/li>\n<\/ul>\n\n\n\n<p class=\"wp-block-paragraph\"><\/p>\n\n\n\n<p class=\"wp-block-paragraph\"><strong>Klingt das spannend f\u00fcr dich?<\/strong><br>Dann lass uns pers\u00f6nlich sprechen \u2013 ruf uns an unter&nbsp;<strong>0203 405090<\/strong>&nbsp;oder schreib uns eine Mail an <br><span style=\"font-family: -webkit-standard; font-size: medium; white-space: normal;\">\ud83d\udce7 <\/span>&nbsp;<strong><a href=\"https:\/\/wp.sprachtherapie-duisburg.de\/aktuelles\/contact\/\"  class=\"mailcrypt\">info<span><span>\u2202<\/span><\/span>sprachtherapie-duisburg.de<\/a><\/strong><\/p>\n\n\n\n<p class=\"wp-block-paragraph\"><strong>Wir freuen uns auf deine Bewerbung!<\/strong><br>Bitte sende deine Unterlagen im PDF-Format bevorzugt per E-Mail an:<br>\ud83d\udce7&nbsp; <strong><a href=\"https:\/\/wp.sprachtherapie-duisburg.de\/aktuelles\/contact\/\"  class=\"mailcrypt\">bewerbung<span><span>\u2202<\/span><\/span>sprachtherapie-duisburg.de<\/a><\/strong><\/p>\n\n\n\n<p class=\"wp-block-paragraph\"><\/p>\n","protected":false},"excerpt":{"rendered":"<p>12 \/ 2025 Du bist Logop\u00e4din \/ Logop\u00e4de, akademische Sprachtherapeutin \/ Sprachtherapeut oder klinische Linguistin \/ Linguist? (m\/w\/d) Dann bewirb dich jetzt bei uns! Wo du uns findest: Was dich erwartet: Deine Vorteile bei uns: Klingt das spannend f\u00fcr dich?Dann lass uns pers\u00f6nlich sprechen \u2013 ruf uns an unter&nbsp;0203 405090&nbsp;oder schreib uns eine Mail an&#8230;<\/p>\n","protected":false},"author":3,"featured_media":0,"parent":0,"menu_order":0,"comment_status":"closed","ping_status":"closed","template":"","meta":{"_crdt_document":"","_themeisle_gutenberg_block_has_review":false,"footnotes":""},"class_list":["post-1322","page","type-page","status-publish","hentry"],"acf":[],"yoast_head":"<!-- This site is optimized with the Yoast SEO plugin v27.5 - https:\/\/yoast.com\/product\/yoast-seo-wordpress\/ -->\n<title>Jobs bei Logop\u00e4die Oehm &amp; Sommer &#187; LOGOP\u00c4DIE OEHM &amp; SOMMER<\/title>\n<meta name=\"robots\" content=\"index, follow, max-snippet:-1, max-image-preview:large, max-video-preview:-1\" \/>\n<link rel=\"canonical\" href=\"https:\/\/wp.sprachtherapie-duisburg.de\/aktuelles\/jobs\/\" \/>\n<meta property=\"og:locale\" content=\"de_DE\" \/>\n<meta property=\"og:type\" content=\"article\" \/>\n<meta property=\"og:title\" content=\"Jobs bei Logop\u00e4die Oehm &amp; Sommer &#187; LOGOP\u00c4DIE OEHM &amp; SOMMER\" \/>\n<meta property=\"og:description\" content=\"12 \/ 2025 Du bist Logop\u00e4din \/ Logop\u00e4de, akademische Sprachtherapeutin \/ Sprachtherapeut oder klinische Linguistin \/ Linguist? (m\/w\/d) Dann bewirb dich jetzt bei uns! Wo du uns findest: Was dich erwartet: Deine Vorteile bei uns: Klingt das spannend f\u00fcr dich?Dann lass uns pers\u00f6nlich sprechen \u2013 ruf uns an unter&nbsp;0203 405090&nbsp;oder schreib uns eine Mail an...\" \/>\n<meta property=\"og:url\" content=\"https:\/\/wp.sprachtherapie-duisburg.de\/aktuelles\/jobs\/\" \/>\n<meta property=\"og:site_name\" content=\"LOGOP\u00c4DIE OEHM &amp; SOMMER\" \/>\n<meta property=\"article:publisher\" content=\"https:\/\/www.facebook.com\/logoos\" \/>\n<meta property=\"article:modified_time\" content=\"2025-12-18T08:25:42+00:00\" \/>\n<meta name=\"twitter:card\" content=\"summary_large_image\" \/>\n<meta name=\"twitter:label1\" content=\"Gesch\u00e4tzte Lesezeit\" \/>\n\t<meta name=\"twitter:data1\" content=\"2\u00a0Minuten\" \/>\n<script type=\"application\/ld+json\" class=\"yoast-schema-graph\">{\"@context\":\"https:\\\/\\\/schema.org\",\"@graph\":[{\"@type\":\"WebPage\",\"@id\":\"https:\\\/\\\/wp.sprachtherapie-duisburg.de\\\/aktuelles\\\/jobs\\\/\",\"url\":\"https:\\\/\\\/wp.sprachtherapie-duisburg.de\\\/aktuelles\\\/jobs\\\/\",\"name\":\"Jobs bei Logop\u00e4die Oehm & Sommer &#187; LOGOP\u00c4DIE OEHM &amp; SOMMER\",\"isPartOf\":{\"@id\":\"https:\\\/\\\/wp.sprachtherapie-duisburg.de\\\/aktuelles\\\/#website\"},\"datePublished\":\"2023-04-19T09:25:57+00:00\",\"dateModified\":\"2025-12-18T08:25:42+00:00\",\"breadcrumb\":{\"@id\":\"https:\\\/\\\/wp.sprachtherapie-duisburg.de\\\/aktuelles\\\/jobs\\\/#breadcrumb\"},\"inLanguage\":\"de\",\"potentialAction\":[{\"@type\":\"ReadAction\",\"target\":[\"https:\\\/\\\/wp.sprachtherapie-duisburg.de\\\/aktuelles\\\/jobs\\\/\"]}]},{\"@type\":\"BreadcrumbList\",\"@id\":\"https:\\\/\\\/wp.sprachtherapie-duisburg.de\\\/aktuelles\\\/jobs\\\/#breadcrumb\",\"itemListElement\":[{\"@type\":\"ListItem\",\"position\":1,\"name\":\"Startseite\",\"item\":\"https:\\\/\\\/wp.sprachtherapie-duisburg.de\\\/aktuelles\\\/\"},{\"@type\":\"ListItem\",\"position\":2,\"name\":\"Jobs bei Logop\u00e4die Oehm &#038; Sommer\"}]},{\"@type\":\"WebSite\",\"@id\":\"https:\\\/\\\/wp.sprachtherapie-duisburg.de\\\/aktuelles\\\/#website\",\"url\":\"https:\\\/\\\/wp.sprachtherapie-duisburg.de\\\/aktuelles\\\/\",\"name\":\"LOGOP\u00c4DIE OEHM &amp; SOMMER\",\"description\":\"Sprachtherapie in Duisburg und Dinslaken\",\"publisher\":{\"@id\":\"https:\\\/\\\/wp.sprachtherapie-duisburg.de\\\/aktuelles\\\/#organization\"},\"potentialAction\":[{\"@type\":\"SearchAction\",\"target\":{\"@type\":\"EntryPoint\",\"urlTemplate\":\"https:\\\/\\\/wp.sprachtherapie-duisburg.de\\\/aktuelles\\\/?s={search_term_string}\"},\"query-input\":{\"@type\":\"PropertyValueSpecification\",\"valueRequired\":true,\"valueName\":\"search_term_string\"}}],\"inLanguage\":\"de\"},{\"@type\":\"Organization\",\"@id\":\"https:\\\/\\\/wp.sprachtherapie-duisburg.de\\\/aktuelles\\\/#organization\",\"name\":\"Logop\u00e4die Oehm & Sommer\",\"url\":\"https:\\\/\\\/wp.sprachtherapie-duisburg.de\\\/aktuelles\\\/\",\"logo\":{\"@type\":\"ImageObject\",\"inLanguage\":\"de\",\"@id\":\"https:\\\/\\\/wp.sprachtherapie-duisburg.de\\\/aktuelles\\\/#\\\/schema\\\/logo\\\/image\\\/\",\"url\":\"https:\\\/\\\/wp.sprachtherapie-duisburg.de\\\/wp-content\\\/uploads\\\/2021\\\/06\\\/Logo_2farbig_blau-gelb_aktuell-gespiegelt.png\",\"contentUrl\":\"https:\\\/\\\/wp.sprachtherapie-duisburg.de\\\/wp-content\\\/uploads\\\/2021\\\/06\\\/Logo_2farbig_blau-gelb_aktuell-gespiegelt.png\",\"width\":1886,\"height\":613,\"caption\":\"Logop\u00e4die Oehm & Sommer\"},\"image\":{\"@id\":\"https:\\\/\\\/wp.sprachtherapie-duisburg.de\\\/aktuelles\\\/#\\\/schema\\\/logo\\\/image\\\/\"},\"sameAs\":[\"https:\\\/\\\/www.facebook.com\\\/logoos\"]}]}<\/script>\n<!-- \/ Yoast SEO plugin. -->","yoast_head_json":{"title":"Jobs bei Logop\u00e4die Oehm & Sommer &#187; LOGOP\u00c4DIE OEHM &amp; SOMMER","robots":{"index":"index","follow":"follow","max-snippet":"max-snippet:-1","max-image-preview":"max-image-preview:large","max-video-preview":"max-video-preview:-1"},"canonical":"https:\/\/wp.sprachtherapie-duisburg.de\/aktuelles\/jobs\/","og_locale":"de_DE","og_type":"article","og_title":"Jobs bei Logop\u00e4die Oehm & Sommer &#187; LOGOP\u00c4DIE OEHM &amp; SOMMER","og_description":"12 \/ 2025 Du bist Logop\u00e4din \/ Logop\u00e4de, akademische Sprachtherapeutin \/ Sprachtherapeut oder klinische Linguistin \/ Linguist? (m\/w\/d) Dann bewirb dich jetzt bei uns! Wo du uns findest: Was dich erwartet: Deine Vorteile bei uns: Klingt das spannend f\u00fcr dich?Dann lass uns pers\u00f6nlich sprechen \u2013 ruf uns an unter&nbsp;0203 405090&nbsp;oder schreib uns eine Mail an...","og_url":"https:\/\/wp.sprachtherapie-duisburg.de\/aktuelles\/jobs\/","og_site_name":"LOGOP\u00c4DIE OEHM &amp; SOMMER","article_publisher":"https:\/\/www.facebook.com\/logoos","article_modified_time":"2025-12-18T08:25:42+00:00","twitter_card":"summary_large_image","twitter_misc":{"Gesch\u00e4tzte Lesezeit":"2\u00a0Minuten"},"schema":{"@context":"https:\/\/schema.org","@graph":[{"@type":"WebPage","@id":"https:\/\/wp.sprachtherapie-duisburg.de\/aktuelles\/jobs\/","url":"https:\/\/wp.sprachtherapie-duisburg.de\/aktuelles\/jobs\/","name":"Jobs bei Logop\u00e4die Oehm & Sommer &#187; LOGOP\u00c4DIE OEHM &amp; SOMMER","isPartOf":{"@id":"https:\/\/wp.sprachtherapie-duisburg.de\/aktuelles\/#website"},"datePublished":"2023-04-19T09:25:57+00:00","dateModified":"2025-12-18T08:25:42+00:00","breadcrumb":{"@id":"https:\/\/wp.sprachtherapie-duisburg.de\/aktuelles\/jobs\/#breadcrumb"},"inLanguage":"de","potentialAction":[{"@type":"ReadAction","target":["https:\/\/wp.sprachtherapie-duisburg.de\/aktuelles\/jobs\/"]}]},{"@type":"BreadcrumbList","@id":"https:\/\/wp.sprachtherapie-duisburg.de\/aktuelles\/jobs\/#breadcrumb","itemListElement":[{"@type":"ListItem","position":1,"name":"Startseite","item":"https:\/\/wp.sprachtherapie-duisburg.de\/aktuelles\/"},{"@type":"ListItem","position":2,"name":"Jobs bei Logop\u00e4die Oehm &#038; Sommer"}]},{"@type":"WebSite","@id":"https:\/\/wp.sprachtherapie-duisburg.de\/aktuelles\/#website","url":"https:\/\/wp.sprachtherapie-duisburg.de\/aktuelles\/","name":"LOGOP\u00c4DIE OEHM &amp; SOMMER","description":"Sprachtherapie in Duisburg und Dinslaken","publisher":{"@id":"https:\/\/wp.sprachtherapie-duisburg.de\/aktuelles\/#organization"},"potentialAction":[{"@type":"SearchAction","target":{"@type":"EntryPoint","urlTemplate":"https:\/\/wp.sprachtherapie-duisburg.de\/aktuelles\/?s={search_term_string}"},"query-input":{"@type":"PropertyValueSpecification","valueRequired":true,"valueName":"search_term_string"}}],"inLanguage":"de"},{"@type":"Organization","@id":"https:\/\/wp.sprachtherapie-duisburg.de\/aktuelles\/#organization","name":"Logop\u00e4die Oehm & Sommer","url":"https:\/\/wp.sprachtherapie-duisburg.de\/aktuelles\/","logo":{"@type":"ImageObject","inLanguage":"de","@id":"https:\/\/wp.sprachtherapie-duisburg.de\/aktuelles\/#\/schema\/logo\/image\/","url":"https:\/\/wp.sprachtherapie-duisburg.de\/wp-content\/uploads\/2021\/06\/Logo_2farbig_blau-gelb_aktuell-gespiegelt.png","contentUrl":"https:\/\/wp.sprachtherapie-duisburg.de\/wp-content\/uploads\/2021\/06\/Logo_2farbig_blau-gelb_aktuell-gespiegelt.png","width":1886,"height":613,"caption":"Logop\u00e4die Oehm & Sommer"},"image":{"@id":"https:\/\/wp.sprachtherapie-duisburg.de\/aktuelles\/#\/schema\/logo\/image\/"},"sameAs":["https:\/\/www.facebook.com\/logoos"]}]}},"jetpack-related-posts":[{"id":259,"url":"https:\/\/wp.sprachtherapie-duisburg.de\/aktuelles\/our-team\/","url_meta":{"origin":1322,"position":0},"title":"Unsere Teams","author":"OS","date":"21. Februar 2017","format":false,"excerpt":"[vc_row][vc_column][\/vc_column][\/vc_row][vc_row][vc_column][vc_text_separator title=\"PRAXIS IM GESUNDHEITSZENTRUM WALSUM\" i_icon_fontawesome=\"fas fa-home\" i_background_style=\"rounded\" i_size=\"lg\" border_width=\"3\" css_animation=\"bottom-to-top\" add_icon=\"true\"][\/vc_column][\/vc_row][vc_row][vc_column parallax=\"content-moving\"][vc_text_separator title=\"PRAXIS AM JUBIL\u00c4UMSHAIN\" i_icon_fontawesome=\"fas fa-home\" i_background_style=\"rounded\" i_size=\"lg\" border_width=\"3\" add_icon=\"true\"][\/vc_column][\/vc_row][vc_row][vc_column][vc_text_separator title=\"PRAXIS VIERLINDEN\" i_icon_fontawesome=\"fas fa-home\" i_background_style=\"rounded\" i_size=\"lg\" border_width=\"3\" add_icon=\"true\"][vc_text_separator title=\"PRAXIS DINSLAKEN EPPINGHOVEN\" i_icon_fontawesome=\"fas fa-home\" i_background_style=\"rounded\" i_size=\"lg\" border_width=\"3\" add_icon=\"true\"][\/vc_column][\/vc_row]","rel":"","context":"\u00c4hnlicher Beitrag","block_context":{"text":"\u00c4hnlicher Beitrag","link":""},"img":{"alt_text":"","src":"","width":0,"height":0},"classes":[]},{"id":261,"url":"https:\/\/wp.sprachtherapie-duisburg.de\/aktuelles\/contact\/","url_meta":{"origin":1322,"position":1},"title":"Kontakt","author":"OS","date":"21. Februar 2017","format":false,"excerpt":"[vc_row][vc_column][vc_column_text css_animation=\"none\"] Sprachtherapie Oehm & Sommer Duisburg Marxloh, Walsum, Vierlinden und Dinslaken-Eppinghoven \u00a0 \u00a0 [\/vc_column_text][\/vc_column][\/vc_row][vc_row][vc_column][\/vc_column][\/vc_row][vc_row][vc_column][vc_column_text] Wahlweise k\u00f6nnen Sie uns auch gerne \u00fcber Ihr vertrautes Emailprogramm kontaktieren unter: info@sprachtherapie-duisburg.de [\/vc_column_text][\/vc_column][\/vc_row]","rel":"","context":"\u00c4hnlicher Beitrag","block_context":{"text":"\u00c4hnlicher Beitrag","link":""},"img":{"alt_text":"Kontaktiere uns gern.","src":"https:\/\/i0.wp.com\/wp.sprachtherapie-duisburg.de\/wp-content\/uploads\/2022\/04\/DSC_0247.jpg?fit=900%2C375&ssl=1&resize=350%2C200","width":350,"height":200,"srcset":"https:\/\/i0.wp.com\/wp.sprachtherapie-duisburg.de\/wp-content\/uploads\/2022\/04\/DSC_0247.jpg?fit=900%2C375&ssl=1&resize=350%2C200 1x, https:\/\/i0.wp.com\/wp.sprachtherapie-duisburg.de\/wp-content\/uploads\/2022\/04\/DSC_0247.jpg?fit=900%2C375&ssl=1&resize=525%2C300 1.5x, https:\/\/i0.wp.com\/wp.sprachtherapie-duisburg.de\/wp-content\/uploads\/2022\/04\/DSC_0247.jpg?fit=900%2C375&ssl=1&resize=700%2C400 2x"},"classes":[]},{"id":1020,"url":"https:\/\/wp.sprachtherapie-duisburg.de\/aktuelles\/aktuelles\/","url_meta":{"origin":1322,"position":2},"title":"Aktuelles","author":"OS","date":"2. Februar 2023","format":false,"excerpt":"","rel":"","context":"\u00c4hnlicher Beitrag","block_context":{"text":"\u00c4hnlicher Beitrag","link":""},"img":{"alt_text":"","src":"","width":0,"height":0},"classes":[]},{"id":18,"url":"https:\/\/wp.sprachtherapie-duisburg.de\/aktuelles\/impressum\/","url_meta":{"origin":1322,"position":3},"title":"Impressum","author":"OS","date":"16. Juni 2021","format":false,"excerpt":"[vc_row][vc_column][vc_column_text] Angaben gem\u00e4\u00df \u00a7 5 TMG Logop\u00e4die Oehm & SommerPrinzenstra\u00dfe 547179 Duisburg Vertreten durch: Ulrike OehmClaudia Kettler-Sommer Kontakt Telefon: +49 203 405090Telefax: +49 203 5558670E-Mail: info@sprachtherapie-duisburg.de Aufsichtsbeh\u00f6rde Land Nordrhein-Westfalen Staatskanzlei des Landes Nordrhein-WestfalenHorionplatz 140213 D\u00fcsseldorfDeutschland \u00a0 \u00a0 Berufsbezeichnung und berufsrechtliche Regelungen Berufsbezeichnung: Logop\u00e4de Zust\u00e4ndige Kammer:Land Nordrhein-Westfalen Staatskanzlei des Landes Nordrhein-WestfalenHorionplatz\u2026","rel":"","context":"\u00c4hnlicher Beitrag","block_context":{"text":"\u00c4hnlicher Beitrag","link":""},"img":{"alt_text":"","src":"","width":0,"height":0},"classes":[]},{"id":1586,"url":"https:\/\/wp.sprachtherapie-duisburg.de\/aktuelles\/ihre-meinung_2026\/","url_meta":{"origin":1322,"position":4},"title":"Ihre Meinung","author":"OS","date":"13. Juni 2025","format":false,"excerpt":"[vc_row][vc_column][vc_column_text css_animation=\"none\"] Sprachtherapie Oehm & Sommer Duisburg Marxloh, Walsum, Vierlinden und Dinslaken-Eppinghoven [\/vc_column_text][\/vc_column][vc_column][vc_column_text] Liebe Patient:innen, liebe Eltern, liebe Angeh\u00f6rige,zurzeit erhalten Sie Therapie in unserer Praxis f\u00fcr Logop\u00e4die. Ihre Zufriedenheit ist unser gr\u00f6\u00dfter Erfolg und liegt uns sehr am Herzen. Wir m\u00f6chten daher die Qualit\u00e4ten unserer Praxis weiterentwickeln und Sie auf\u2026","rel":"","context":"\u00c4hnlicher Beitrag","block_context":{"text":"\u00c4hnlicher Beitrag","link":""},"img":{"alt_text":"Kontaktiere uns gern.","src":"https:\/\/i0.wp.com\/wp.sprachtherapie-duisburg.de\/wp-content\/uploads\/2022\/04\/DSC_0247.jpg?fit=900%2C375&ssl=1&resize=350%2C200","width":350,"height":200,"srcset":"https:\/\/i0.wp.com\/wp.sprachtherapie-duisburg.de\/wp-content\/uploads\/2022\/04\/DSC_0247.jpg?fit=900%2C375&ssl=1&resize=350%2C200 1x, https:\/\/i0.wp.com\/wp.sprachtherapie-duisburg.de\/wp-content\/uploads\/2022\/04\/DSC_0247.jpg?fit=900%2C375&ssl=1&resize=525%2C300 1.5x, https:\/\/i0.wp.com\/wp.sprachtherapie-duisburg.de\/wp-content\/uploads\/2022\/04\/DSC_0247.jpg?fit=900%2C375&ssl=1&resize=700%2C400 2x"},"classes":[]},{"id":26,"url":"https:\/\/wp.sprachtherapie-duisburg.de\/aktuelles\/leistungen\/","url_meta":{"origin":1322,"position":5},"title":"Leistungsspektrum","author":"OS","date":"16. Juni 2021","format":false,"excerpt":"[vc_row][vc_column css_animation=\"fadeIn\"][vc_empty_space height=\"40px\"][vc_column_text] DIE THERAPIE [\/vc_column_text][vc_column_text css_animation=\"bottom-to-top\"] Wir behandeln alle Formen von Entwicklungsst\u00f6rungen der kindlichen Sprache verbale Entwicklungsdyspraxien myofunktionelle St\u00f6rungen Stottern bei Kindern, Jugendlichen und Erwachsenen neurologisch bedingte Sprach-, Sprech- und Schluckst\u00f6rungen bei Kindern, Jugendlichen und Erwachsenen Stimmst\u00f6rungen Lese-, Rechtschreib- und Rechenst\u00f6rung (LRS \/ Dyskalkulie) Menschen mit Mehrfachbehinderungen Ess-, Trink-\u2026","rel":"","context":"\u00c4hnlicher Beitrag","block_context":{"text":"\u00c4hnlicher Beitrag","link":""},"img":{"alt_text":"","src":"https:\/\/i0.wp.com\/wp.sprachtherapie-duisburg.de\/wp-content\/uploads\/2022\/04\/DSC_0243.jpg?fit=520%2C340&ssl=1&resize=350%2C200","width":350,"height":200},"classes":[]}],"jetpack_sharing_enabled":true,"_links":{"self":[{"href":"https:\/\/wp.sprachtherapie-duisburg.de\/aktuelles\/wp-json\/wp\/v2\/pages\/1322","targetHints":{"allow":["GET"]}}],"collection":[{"href":"https:\/\/wp.sprachtherapie-duisburg.de\/aktuelles\/wp-json\/wp\/v2\/pages"}],"about":[{"href":"https:\/\/wp.sprachtherapie-duisburg.de\/aktuelles\/wp-json\/wp\/v2\/types\/page"}],"author":[{"embeddable":true,"href":"https:\/\/wp.sprachtherapie-duisburg.de\/aktuelles\/wp-json\/wp\/v2\/users\/3"}],"replies":[{"embeddable":true,"href":"https:\/\/wp.sprachtherapie-duisburg.de\/aktuelles\/wp-json\/wp\/v2\/comments?post=1322"}],"version-history":[{"count":10,"href":"https:\/\/wp.sprachtherapie-duisburg.de\/aktuelles\/wp-json\/wp\/v2\/pages\/1322\/revisions"}],"predecessor-version":[{"id":1704,"href":"https:\/\/wp.sprachtherapie-duisburg.de\/aktuelles\/wp-json\/wp\/v2\/pages\/1322\/revisions\/1704"}],"wp:attachment":[{"href":"https:\/\/wp.sprachtherapie-duisburg.de\/aktuelles\/wp-json\/wp\/v2\/media?parent=1322"}],"curies":[{"name":"wp","href":"https:\/\/api.w.org\/{rel}","templated":true}]}}