{"id":261,"date":"2017-02-21T16:19:57","date_gmt":"2017-02-21T15:19:57","guid":{"rendered":"http:\/\/leedeo.wird-genial.com\/?page_id=183"},"modified":"2024-08-30T10:26:30","modified_gmt":"2024-08-30T08:26:30","slug":"contact","status":"publish","type":"page","link":"https:\/\/wp.sprachtherapie-duisburg.de\/aktuelles\/contact\/","title":{"rendered":"Kontakt"},"content":{"rendered":"[vc_row][vc_column][vc_column_text css_animation=&#8220;none&#8220;]\r\n<h2 class=\"wp-block-heading\">Sprachtherapie Oehm &amp; Sommer<\/h2>\r\n<p>\r\n\r\nDuisburg Marxloh, Walsum, Vierlinden und Dinslaken-Eppinghoven<\/p>\r\n<p class=\"wp-block-paragraph\">\u00a0<\/p>\r\n<p>\u00a0<\/p>\r\n<p class=\"wp-block-paragraph\">[\/vc_column_text][\/vc_column][\/vc_row][vc_row][vc_column]<style id=\"wpforms-css-vars-1506\">\n\t\t\t\t#wpforms-1506 {\n\t\t\t\t--wpforms-container-padding: 0px;\n--wpforms-container-border-width: 1px;\n--wpforms-container-border-radius: 3px;\n--wpforms-background-color: rgba(0, 0, 0, 0);\n--wpforms-field-size-input-height: 43px;\n--wpforms-field-size-input-spacing: 15px;\n--wpforms-field-size-font-size: 16px;\n--wpforms-field-size-line-height: 19px;\n--wpforms-field-size-padding-h: 14px;\n--wpforms-field-size-checkbox-size: 16px;\n--wpforms-field-size-sublabel-spacing: 5px;\n--wpforms-field-size-icon-size: 1;\n--wpforms-label-size-font-size: 16px;\n--wpforms-label-size-line-height: 19px;\n--wpforms-label-size-sublabel-font-size: 14px;\n--wpforms-label-size-sublabel-line-height: 17px;\n--wpforms-button-size-font-size: 17px;\n--wpforms-button-size-height: 41px;\n--wpforms-button-size-padding-h: 15px;\n--wpforms-button-size-margin-top: 10px;\n--wpforms-container-shadow-size-box-shadow: none;\n\t\t\t}\n\t\t\t<\/style><div class=\"wpforms-container wpforms-container-full wpforms-render-modern\" id=\"wpforms-1506\"><form id=\"wpforms-form-1506\" class=\"wpforms-validate wpforms-form wpforms-ajax-form\" data-formid=\"1506\" method=\"post\" enctype=\"multipart\/form-data\" action=\"\/aktuelles\/wp-json\/wp\/v2\/pages\/261\" data-token=\"db957cdaa44dc80d61f4ac03fa971955\" data-token-time=\"1777646385\"><noscript class=\"wpforms-error-noscript\">Bitte aktiviere JavaScript in deinem Browser, um dieses Formular fertigzustellen.<\/noscript><div id=\"wpforms-error-noscript\" style=\"display: none;\">Bitte aktiviere JavaScript in deinem Browser, um dieses Formular fertigzustellen.<\/div><div class=\"wpforms-field-container\"><div id=\"wpforms-1506-field_1-container\" class=\"wpforms-field wpforms-field-name\" data-field-id=\"1\"><fieldset><legend class=\"wpforms-field-label\">Ihr Name <span class=\"wpforms-required-label\" aria-hidden=\"true\">*<\/span><\/legend><div class=\"wpforms-field-row wpforms-field-medium\"><div class=\"wpforms-field-row-block wpforms-first wpforms-one-half\"><input type=\"text\" id=\"wpforms-1506-field_1\" class=\"wpforms-field-name-first wpforms-field-required\" name=\"wpforms[fields][1][first]\" aria-errormessage=\"wpforms-1506-field_1-error\" required><label for=\"wpforms-1506-field_1\" class=\"wpforms-field-sublabel after\">Vorname<\/label><\/div><div class=\"wpforms-field-row-block wpforms-one-half\"><input type=\"text\" id=\"wpforms-1506-field_1-last\" class=\"wpforms-field-name-last wpforms-field-required\" name=\"wpforms[fields][1][last]\" aria-errormessage=\"wpforms-1506-field_1-last-error\" required><label for=\"wpforms-1506-field_1-last\" class=\"wpforms-field-sublabel after\">Nachname<\/label><\/div><\/div><\/fieldset><\/div><div id=\"wpforms-1506-field_2-container\" class=\"wpforms-field wpforms-field-email\" data-field-id=\"2\"><label class=\"wpforms-field-label\" for=\"wpforms-1506-field_2\">Ihre E-Mail-Adresse <span class=\"wpforms-required-label\" aria-hidden=\"true\">*<\/span><\/label><input type=\"email\" id=\"wpforms-1506-field_2\" class=\"wpforms-field-medium wpforms-field-required\" name=\"wpforms[fields][2]\" spellcheck=\"false\" aria-errormessage=\"wpforms-1506-field_2-error\" aria-describedby=\"wpforms-1506-field_2-description\" required><div id=\"wpforms-1506-field_2-description\" class=\"wpforms-field-description\">-- Wir antworten i.d.R. zeitnah. Bitte beachten Sie unbedingt auch den Spamordner in Ihrem Emailprogramm.<\/div><\/div><div id=\"wpforms-1506-field_6-container\" class=\"wpforms-field wpforms-field-text\" data-field-id=\"6\"><label class=\"wpforms-field-label\" for=\"wpforms-1506-field_6\">Mobilnummer<\/label><input type=\"text\" id=\"wpforms-1506-field_6\" class=\"wpforms-field-medium\" name=\"wpforms[fields][6]\" aria-errormessage=\"wpforms-1506-field_6-error\" ><\/div>\t\t<div id=\"wpforms-1506-field_5-container\"\n\t\t\tclass=\"wpforms-field wpforms-field-text\"\n\t\t\tdata-field-type=\"text\"\n\t\t\tdata-field-id=\"5\"\n\t\t\t>\n\t\t\t<label class=\"wpforms-field-label\" for=\"wpforms-1506-field_5\" >Gew\u00fcnschte Mobilnummer Ihre<\/label>\n\t\t\t<input type=\"text\" id=\"wpforms-1506-field_5\" class=\"wpforms-field-medium\" name=\"wpforms[fields][5]\" >\n\t\t<\/div>\n\t\t<div id=\"wpforms-1506-field_4-container\" class=\"wpforms-field wpforms-field-checkbox\" data-field-id=\"4\"><fieldset><legend class=\"wpforms-field-label\">Gew\u00fcnschte Praxis <span class=\"wpforms-required-label\" aria-hidden=\"true\">*<\/span><\/legend><ul id=\"wpforms-1506-field_4\" class=\"wpforms-field-required\"><li class=\"choice-1 depth-1\"><input type=\"checkbox\" id=\"wpforms-1506-field_4_1\" name=\"wpforms[fields][4][]\" value=\"Marxloh\" aria-errormessage=\"wpforms-1506-field_4_1-error\" aria-describedby=\"wpforms-1506-field_4-description\" required ><label class=\"wpforms-field-label-inline\" for=\"wpforms-1506-field_4_1\">Marxloh<\/label><\/li><li class=\"choice-2 depth-1\"><input type=\"checkbox\" id=\"wpforms-1506-field_4_2\" name=\"wpforms[fields][4][]\" value=\"Walsum\" aria-errormessage=\"wpforms-1506-field_4_2-error\" aria-describedby=\"wpforms-1506-field_4-description\" required ><label class=\"wpforms-field-label-inline\" for=\"wpforms-1506-field_4_2\">Walsum<\/label><\/li><li class=\"choice-3 depth-1\"><input type=\"checkbox\" id=\"wpforms-1506-field_4_3\" name=\"wpforms[fields][4][]\" value=\"Vierlinden\" aria-errormessage=\"wpforms-1506-field_4_3-error\" aria-describedby=\"wpforms-1506-field_4-description\" required ><label class=\"wpforms-field-label-inline\" for=\"wpforms-1506-field_4_3\">Vierlinden<\/label><\/li><li class=\"choice-4 depth-1\"><input type=\"checkbox\" id=\"wpforms-1506-field_4_4\" name=\"wpforms[fields][4][]\" value=\"Dinslaken-Eppinghoven\" aria-errormessage=\"wpforms-1506-field_4_4-error\" aria-describedby=\"wpforms-1506-field_4-description\" required ><label class=\"wpforms-field-label-inline\" for=\"wpforms-1506-field_4_4\">Dinslaken-Eppinghoven<\/label><\/li><\/ul><div id=\"wpforms-1506-field_4-description\" class=\"wpforms-field-description\">Bitte w\u00e4hlen Sie die gew\u00fcnschte Praxis aus. (Eine Mehrfachauswahl ist m\u00f6glich)<\/div><\/fieldset><\/div><div id=\"wpforms-1506-field_3-container\" class=\"wpforms-field wpforms-field-textarea\" data-field-id=\"3\"><label class=\"wpforms-field-label\" for=\"wpforms-1506-field_3\">Ihre Nachricht <span class=\"wpforms-required-label\" aria-hidden=\"true\">*<\/span><\/label><textarea id=\"wpforms-1506-field_3\" class=\"wpforms-field-medium wpforms-field-required wpforms-limit-characters-enabled\" data-form-id=\"1506\" data-field-id=\"3\" data-text-limit=\"300\" name=\"wpforms[fields][3]\" placeholder=\"Ihre Nachricht\" aria-errormessage=\"wpforms-1506-field_3-error\" maxlength=\"300\" required><\/textarea><\/div><script>\n\t\t\t\t( function() {\n\t\t\t\t\tconst style = document.createElement( 'style' );\n\t\t\t\t\tstyle.appendChild( document.createTextNode( '#wpforms-1506-field_5-container { position: absolute !important; overflow: hidden !important; display: inline !important; height: 1px !important; width: 1px !important; z-index: -1000 !important; padding: 0 !important; } #wpforms-1506-field_5-container input { visibility: hidden; } #wpforms-conversational-form-page #wpforms-1506-field_5-container label { counter-increment: none; }' ) );\n\t\t\t\t\tdocument.head.appendChild( style );\n\t\t\t\t\tdocument.currentScript?.remove();\n\t\t\t\t} )();\n\t\t\t<\/script><\/div><!-- .wpforms-field-container --><div class=\"wpforms-submit-container\" ><input type=\"hidden\" name=\"wpforms[id]\" value=\"1506\"><input type=\"hidden\" name=\"page_title\" value=\"\"><input type=\"hidden\" name=\"page_url\" value=\"https:\/\/wp.sprachtherapie-duisburg.de\/aktuelles\/wp-json\/wp\/v2\/pages\/261\"><input type=\"hidden\" name=\"url_referer\" value=\"\"><button type=\"submit\" name=\"wpforms[submit]\" id=\"wpforms-submit-1506\" class=\"wpforms-submit\" data-alt-text=\"Wird gesendet\u00a0\u2026\" data-submit-text=\"Absenden\" aria-live=\"assertive\" value=\"wpforms-submit\">Absenden<\/button><img loading=\"lazy\" decoding=\"async\" src=\"https:\/\/wp.sprachtherapie-duisburg.de\/wp-content\/plugins\/wpforms-lite\/assets\/images\/submit-spin.svg\" class=\"wpforms-submit-spinner\" style=\"display: none;\" width=\"26\" height=\"26\" alt=\"Wird geladen\"><\/div><\/form><\/div>  <!-- .wpforms-container -->[\/vc_column][\/vc_row][vc_row][vc_column][vc_column_text]\r\n<p>Wahlweise k\u00f6nnen Sie uns auch gerne \u00fcber Ihr vertrautes Emailprogramm kontaktieren unter: <a href=\"https:\/\/wp.sprachtherapie-duisburg.de\/aktuelles\/contact\/\"  class=\"mailcrypt\">info<span><span>\u2202<\/span><\/span>sprachtherapie-duisburg.de<\/a><\/p>\r\n[\/vc_column_text][\/vc_column][\/vc_row]","protected":false},"excerpt":{"rendered":"<p>[vc_row][vc_column][vc_column_text css_animation=&#8220;none&#8220;] Sprachtherapie Oehm &amp; Sommer Duisburg Marxloh, Walsum, Vierlinden und Dinslaken-Eppinghoven \u00a0 \u00a0 [\/vc_column_text][\/vc_column][\/vc_row][vc_row][vc_column][\/vc_column][\/vc_row][vc_row][vc_column][vc_column_text] Wahlweise k\u00f6nnen Sie uns auch gerne \u00fcber Ihr vertrautes Emailprogramm kontaktieren unter: info\u2202sprachtherapie-duisburg.de [\/vc_column_text][\/vc_column][\/vc_row]<\/p>\n","protected":false},"author":3,"featured_media":608,"parent":0,"menu_order":0,"comment_status":"closed","ping_status":"closed","template":"","meta":{"_crdt_document":"","_themeisle_gutenberg_block_has_review":false,"footnotes":""},"class_list":["post-261","page","type-page","status-publish","has-post-thumbnail","hentry"],"acf":[],"yoast_head":"<!-- This site is optimized with the Yoast SEO plugin v27.5 - https:\/\/yoast.com\/product\/yoast-seo-wordpress\/ -->\n<title>Kontakt &#187; LOGOP\u00c4DIE OEHM &amp; SOMMER<\/title>\n<meta name=\"robots\" content=\"index, follow, max-snippet:-1, max-image-preview:large, max-video-preview:-1\" \/>\n<link rel=\"canonical\" href=\"https:\/\/wp.sprachtherapie-duisburg.de\/aktuelles\/contact\/\" \/>\n<meta property=\"og:locale\" content=\"de_DE\" \/>\n<meta property=\"og:type\" content=\"article\" \/>\n<meta property=\"og:title\" content=\"Kontakt &#187; LOGOP\u00c4DIE OEHM &amp; SOMMER\" \/>\n<meta property=\"og:description\" content=\"[vc_row][vc_column][vc_column_text css_animation=&#8220;none&#8220;] Sprachtherapie Oehm &amp; Sommer Duisburg Marxloh, Walsum, Vierlinden und Dinslaken-Eppinghoven \u00a0 \u00a0 [\/vc_column_text][\/vc_column][\/vc_row][vc_row][vc_column][\/vc_column][\/vc_row][vc_row][vc_column][vc_column_text] Wahlweise k\u00f6nnen Sie uns auch gerne \u00fcber Ihr vertrautes Emailprogramm kontaktieren unter: info\u2202sprachtherapie-duisburg.de [\/vc_column_text][\/vc_column][\/vc_row]\" \/>\n<meta property=\"og:url\" content=\"https:\/\/wp.sprachtherapie-duisburg.de\/aktuelles\/contact\/\" \/>\n<meta property=\"og:site_name\" content=\"LOGOP\u00c4DIE OEHM &amp; SOMMER\" \/>\n<meta property=\"article:publisher\" content=\"https:\/\/www.facebook.com\/logoos\" \/>\n<meta property=\"article:modified_time\" content=\"2024-08-30T08:26:30+00:00\" \/>\n<meta property=\"og:image\" content=\"https:\/\/wp.sprachtherapie-duisburg.de\/wp-content\/uploads\/2022\/04\/DSC_0247.jpg\" \/>\n\t<meta property=\"og:image:width\" content=\"900\" \/>\n\t<meta property=\"og:image:height\" content=\"375\" \/>\n\t<meta property=\"og:image:type\" content=\"image\/jpeg\" \/>\n<meta name=\"twitter:card\" content=\"summary_large_image\" \/>\n<meta name=\"twitter:label1\" content=\"Gesch\u00e4tzte Lesezeit\" \/>\n\t<meta name=\"twitter:data1\" content=\"1\u00a0Minute\" \/>\n<script type=\"application\/ld+json\" class=\"yoast-schema-graph\">{\"@context\":\"https:\\\/\\\/schema.org\",\"@graph\":[{\"@type\":\"WebPage\",\"@id\":\"https:\\\/\\\/wp.sprachtherapie-duisburg.de\\\/aktuelles\\\/contact\\\/\",\"url\":\"https:\\\/\\\/wp.sprachtherapie-duisburg.de\\\/aktuelles\\\/contact\\\/\",\"name\":\"Kontakt &#187; LOGOP\u00c4DIE OEHM &amp; SOMMER\",\"isPartOf\":{\"@id\":\"https:\\\/\\\/wp.sprachtherapie-duisburg.de\\\/aktuelles\\\/#website\"},\"primaryImageOfPage\":{\"@id\":\"https:\\\/\\\/wp.sprachtherapie-duisburg.de\\\/aktuelles\\\/contact\\\/#primaryimage\"},\"image\":{\"@id\":\"https:\\\/\\\/wp.sprachtherapie-duisburg.de\\\/aktuelles\\\/contact\\\/#primaryimage\"},\"thumbnailUrl\":\"https:\\\/\\\/i0.wp.com\\\/wp.sprachtherapie-duisburg.de\\\/wp-content\\\/uploads\\\/2022\\\/04\\\/DSC_0247.jpg?fit=900%2C375&ssl=1\",\"datePublished\":\"2017-02-21T15:19:57+00:00\",\"dateModified\":\"2024-08-30T08:26:30+00:00\",\"breadcrumb\":{\"@id\":\"https:\\\/\\\/wp.sprachtherapie-duisburg.de\\\/aktuelles\\\/contact\\\/#breadcrumb\"},\"inLanguage\":\"de\",\"potentialAction\":[{\"@type\":\"ReadAction\",\"target\":[\"https:\\\/\\\/wp.sprachtherapie-duisburg.de\\\/aktuelles\\\/contact\\\/\"]}]},{\"@type\":\"ImageObject\",\"inLanguage\":\"de\",\"@id\":\"https:\\\/\\\/wp.sprachtherapie-duisburg.de\\\/aktuelles\\\/contact\\\/#primaryimage\",\"url\":\"https:\\\/\\\/i0.wp.com\\\/wp.sprachtherapie-duisburg.de\\\/wp-content\\\/uploads\\\/2022\\\/04\\\/DSC_0247.jpg?fit=900%2C375&ssl=1\",\"contentUrl\":\"https:\\\/\\\/i0.wp.com\\\/wp.sprachtherapie-duisburg.de\\\/wp-content\\\/uploads\\\/2022\\\/04\\\/DSC_0247.jpg?fit=900%2C375&ssl=1\",\"width\":900,\"height\":375,\"caption\":\"Kontaktiere uns gern.\"},{\"@type\":\"BreadcrumbList\",\"@id\":\"https:\\\/\\\/wp.sprachtherapie-duisburg.de\\\/aktuelles\\\/contact\\\/#breadcrumb\",\"itemListElement\":[{\"@type\":\"ListItem\",\"position\":1,\"name\":\"Startseite\",\"item\":\"https:\\\/\\\/wp.sprachtherapie-duisburg.de\\\/aktuelles\\\/\"},{\"@type\":\"ListItem\",\"position\":2,\"name\":\"Kontakt\"}]},{\"@type\":\"WebSite\",\"@id\":\"https:\\\/\\\/wp.sprachtherapie-duisburg.de\\\/aktuelles\\\/#website\",\"url\":\"https:\\\/\\\/wp.sprachtherapie-duisburg.de\\\/aktuelles\\\/\",\"name\":\"LOGOP\u00c4DIE OEHM &amp; SOMMER\",\"description\":\"Sprachtherapie in Duisburg und Dinslaken\",\"publisher\":{\"@id\":\"https:\\\/\\\/wp.sprachtherapie-duisburg.de\\\/aktuelles\\\/#organization\"},\"potentialAction\":[{\"@type\":\"SearchAction\",\"target\":{\"@type\":\"EntryPoint\",\"urlTemplate\":\"https:\\\/\\\/wp.sprachtherapie-duisburg.de\\\/aktuelles\\\/?s={search_term_string}\"},\"query-input\":{\"@type\":\"PropertyValueSpecification\",\"valueRequired\":true,\"valueName\":\"search_term_string\"}}],\"inLanguage\":\"de\"},{\"@type\":\"Organization\",\"@id\":\"https:\\\/\\\/wp.sprachtherapie-duisburg.de\\\/aktuelles\\\/#organization\",\"name\":\"Logop\u00e4die Oehm & Sommer\",\"url\":\"https:\\\/\\\/wp.sprachtherapie-duisburg.de\\\/aktuelles\\\/\",\"logo\":{\"@type\":\"ImageObject\",\"inLanguage\":\"de\",\"@id\":\"https:\\\/\\\/wp.sprachtherapie-duisburg.de\\\/aktuelles\\\/#\\\/schema\\\/logo\\\/image\\\/\",\"url\":\"https:\\\/\\\/wp.sprachtherapie-duisburg.de\\\/wp-content\\\/uploads\\\/2021\\\/06\\\/Logo_2farbig_blau-gelb_aktuell-gespiegelt.png\",\"contentUrl\":\"https:\\\/\\\/wp.sprachtherapie-duisburg.de\\\/wp-content\\\/uploads\\\/2021\\\/06\\\/Logo_2farbig_blau-gelb_aktuell-gespiegelt.png\",\"width\":1886,\"height\":613,\"caption\":\"Logop\u00e4die Oehm & Sommer\"},\"image\":{\"@id\":\"https:\\\/\\\/wp.sprachtherapie-duisburg.de\\\/aktuelles\\\/#\\\/schema\\\/logo\\\/image\\\/\"},\"sameAs\":[\"https:\\\/\\\/www.facebook.com\\\/logoos\"]}]}<\/script>\n<!-- \/ Yoast SEO plugin. -->","yoast_head_json":{"title":"Kontakt &#187; LOGOP\u00c4DIE OEHM &amp; SOMMER","robots":{"index":"index","follow":"follow","max-snippet":"max-snippet:-1","max-image-preview":"max-image-preview:large","max-video-preview":"max-video-preview:-1"},"canonical":"https:\/\/wp.sprachtherapie-duisburg.de\/aktuelles\/contact\/","og_locale":"de_DE","og_type":"article","og_title":"Kontakt &#187; LOGOP\u00c4DIE OEHM &amp; SOMMER","og_description":"[vc_row][vc_column][vc_column_text css_animation=&#8220;none&#8220;] Sprachtherapie Oehm &amp; Sommer Duisburg Marxloh, Walsum, Vierlinden und Dinslaken-Eppinghoven \u00a0 \u00a0 [\/vc_column_text][\/vc_column][\/vc_row][vc_row][vc_column][\/vc_column][\/vc_row][vc_row][vc_column][vc_column_text] Wahlweise k\u00f6nnen Sie uns auch gerne \u00fcber Ihr vertrautes Emailprogramm kontaktieren unter: info\u2202sprachtherapie-duisburg.de [\/vc_column_text][\/vc_column][\/vc_row]","og_url":"https:\/\/wp.sprachtherapie-duisburg.de\/aktuelles\/contact\/","og_site_name":"LOGOP\u00c4DIE OEHM &amp; SOMMER","article_publisher":"https:\/\/www.facebook.com\/logoos","article_modified_time":"2024-08-30T08:26:30+00:00","og_image":[{"width":900,"height":375,"url":"https:\/\/wp.sprachtherapie-duisburg.de\/wp-content\/uploads\/2022\/04\/DSC_0247.jpg","type":"image\/jpeg"}],"twitter_card":"summary_large_image","twitter_misc":{"Gesch\u00e4tzte Lesezeit":"1\u00a0Minute"},"schema":{"@context":"https:\/\/schema.org","@graph":[{"@type":"WebPage","@id":"https:\/\/wp.sprachtherapie-duisburg.de\/aktuelles\/contact\/","url":"https:\/\/wp.sprachtherapie-duisburg.de\/aktuelles\/contact\/","name":"Kontakt &#187; LOGOP\u00c4DIE OEHM &amp; SOMMER","isPartOf":{"@id":"https:\/\/wp.sprachtherapie-duisburg.de\/aktuelles\/#website"},"primaryImageOfPage":{"@id":"https:\/\/wp.sprachtherapie-duisburg.de\/aktuelles\/contact\/#primaryimage"},"image":{"@id":"https:\/\/wp.sprachtherapie-duisburg.de\/aktuelles\/contact\/#primaryimage"},"thumbnailUrl":"https:\/\/i0.wp.com\/wp.sprachtherapie-duisburg.de\/wp-content\/uploads\/2022\/04\/DSC_0247.jpg?fit=900%2C375&ssl=1","datePublished":"2017-02-21T15:19:57+00:00","dateModified":"2024-08-30T08:26:30+00:00","breadcrumb":{"@id":"https:\/\/wp.sprachtherapie-duisburg.de\/aktuelles\/contact\/#breadcrumb"},"inLanguage":"de","potentialAction":[{"@type":"ReadAction","target":["https:\/\/wp.sprachtherapie-duisburg.de\/aktuelles\/contact\/"]}]},{"@type":"ImageObject","inLanguage":"de","@id":"https:\/\/wp.sprachtherapie-duisburg.de\/aktuelles\/contact\/#primaryimage","url":"https:\/\/i0.wp.com\/wp.sprachtherapie-duisburg.de\/wp-content\/uploads\/2022\/04\/DSC_0247.jpg?fit=900%2C375&ssl=1","contentUrl":"https:\/\/i0.wp.com\/wp.sprachtherapie-duisburg.de\/wp-content\/uploads\/2022\/04\/DSC_0247.jpg?fit=900%2C375&ssl=1","width":900,"height":375,"caption":"Kontaktiere uns gern."},{"@type":"BreadcrumbList","@id":"https:\/\/wp.sprachtherapie-duisburg.de\/aktuelles\/contact\/#breadcrumb","itemListElement":[{"@type":"ListItem","position":1,"name":"Startseite","item":"https:\/\/wp.sprachtherapie-duisburg.de\/aktuelles\/"},{"@type":"ListItem","position":2,"name":"Kontakt"}]},{"@type":"WebSite","@id":"https:\/\/wp.sprachtherapie-duisburg.de\/aktuelles\/#website","url":"https:\/\/wp.sprachtherapie-duisburg.de\/aktuelles\/","name":"LOGOP\u00c4DIE OEHM &amp; SOMMER","description":"Sprachtherapie in Duisburg und Dinslaken","publisher":{"@id":"https:\/\/wp.sprachtherapie-duisburg.de\/aktuelles\/#organization"},"potentialAction":[{"@type":"SearchAction","target":{"@type":"EntryPoint","urlTemplate":"https:\/\/wp.sprachtherapie-duisburg.de\/aktuelles\/?s={search_term_string}"},"query-input":{"@type":"PropertyValueSpecification","valueRequired":true,"valueName":"search_term_string"}}],"inLanguage":"de"},{"@type":"Organization","@id":"https:\/\/wp.sprachtherapie-duisburg.de\/aktuelles\/#organization","name":"Logop\u00e4die Oehm & Sommer","url":"https:\/\/wp.sprachtherapie-duisburg.de\/aktuelles\/","logo":{"@type":"ImageObject","inLanguage":"de","@id":"https:\/\/wp.sprachtherapie-duisburg.de\/aktuelles\/#\/schema\/logo\/image\/","url":"https:\/\/wp.sprachtherapie-duisburg.de\/wp-content\/uploads\/2021\/06\/Logo_2farbig_blau-gelb_aktuell-gespiegelt.png","contentUrl":"https:\/\/wp.sprachtherapie-duisburg.de\/wp-content\/uploads\/2021\/06\/Logo_2farbig_blau-gelb_aktuell-gespiegelt.png","width":1886,"height":613,"caption":"Logop\u00e4die Oehm & Sommer"},"image":{"@id":"https:\/\/wp.sprachtherapie-duisburg.de\/aktuelles\/#\/schema\/logo\/image\/"},"sameAs":["https:\/\/www.facebook.com\/logoos"]}]}},"jetpack-related-posts":[{"id":1586,"url":"https:\/\/wp.sprachtherapie-duisburg.de\/aktuelles\/ihre-meinung_2026\/","url_meta":{"origin":261,"position":0},"title":"Ihre Meinung","author":"OS","date":"13. Juni 2025","format":false,"excerpt":"[vc_row][vc_column][vc_column_text css_animation=\"none\"] Sprachtherapie Oehm & Sommer Duisburg Marxloh, Walsum, Vierlinden und Dinslaken-Eppinghoven [\/vc_column_text][\/vc_column][vc_column][vc_column_text] Liebe Patient:innen, liebe Eltern, liebe Angeh\u00f6rige,zurzeit erhalten Sie Therapie in unserer Praxis f\u00fcr Logop\u00e4die. Ihre Zufriedenheit ist unser gr\u00f6\u00dfter Erfolg und liegt uns sehr am Herzen. Wir m\u00f6chten daher die Qualit\u00e4ten unserer Praxis weiterentwickeln und Sie auf\u2026","rel":"","context":"\u00c4hnlicher Beitrag","block_context":{"text":"\u00c4hnlicher Beitrag","link":""},"img":{"alt_text":"Kontaktiere uns gern.","src":"https:\/\/i0.wp.com\/wp.sprachtherapie-duisburg.de\/wp-content\/uploads\/2022\/04\/DSC_0247.jpg?fit=900%2C375&ssl=1&resize=350%2C200","width":350,"height":200,"srcset":"https:\/\/i0.wp.com\/wp.sprachtherapie-duisburg.de\/wp-content\/uploads\/2022\/04\/DSC_0247.jpg?fit=900%2C375&ssl=1&resize=350%2C200 1x, https:\/\/i0.wp.com\/wp.sprachtherapie-duisburg.de\/wp-content\/uploads\/2022\/04\/DSC_0247.jpg?fit=900%2C375&ssl=1&resize=525%2C300 1.5x, https:\/\/i0.wp.com\/wp.sprachtherapie-duisburg.de\/wp-content\/uploads\/2022\/04\/DSC_0247.jpg?fit=900%2C375&ssl=1&resize=700%2C400 2x"},"classes":[]},{"id":259,"url":"https:\/\/wp.sprachtherapie-duisburg.de\/aktuelles\/our-team\/","url_meta":{"origin":261,"position":1},"title":"Unsere Teams","author":"OS","date":"21. Februar 2017","format":false,"excerpt":"[vc_row][vc_column][\/vc_column][\/vc_row][vc_row][vc_column][vc_text_separator title=\"PRAXIS IM GESUNDHEITSZENTRUM WALSUM\" i_icon_fontawesome=\"fas fa-home\" i_background_style=\"rounded\" i_size=\"lg\" border_width=\"3\" css_animation=\"bottom-to-top\" add_icon=\"true\"][\/vc_column][\/vc_row][vc_row][vc_column parallax=\"content-moving\"][vc_text_separator title=\"PRAXIS AM JUBIL\u00c4UMSHAIN\" i_icon_fontawesome=\"fas fa-home\" i_background_style=\"rounded\" i_size=\"lg\" border_width=\"3\" add_icon=\"true\"][\/vc_column][\/vc_row][vc_row][vc_column][vc_text_separator title=\"PRAXIS VIERLINDEN\" i_icon_fontawesome=\"fas fa-home\" i_background_style=\"rounded\" i_size=\"lg\" border_width=\"3\" add_icon=\"true\"][vc_text_separator title=\"PRAXIS DINSLAKEN EPPINGHOVEN\" i_icon_fontawesome=\"fas fa-home\" i_background_style=\"rounded\" i_size=\"lg\" border_width=\"3\" add_icon=\"true\"][\/vc_column][\/vc_row]","rel":"","context":"\u00c4hnlicher Beitrag","block_context":{"text":"\u00c4hnlicher Beitrag","link":""},"img":{"alt_text":"","src":"","width":0,"height":0},"classes":[]},{"id":1020,"url":"https:\/\/wp.sprachtherapie-duisburg.de\/aktuelles\/aktuelles\/","url_meta":{"origin":261,"position":2},"title":"Aktuelles","author":"OS","date":"2. Februar 2023","format":false,"excerpt":"","rel":"","context":"\u00c4hnlicher Beitrag","block_context":{"text":"\u00c4hnlicher Beitrag","link":""},"img":{"alt_text":"","src":"","width":0,"height":0},"classes":[]},{"id":1322,"url":"https:\/\/wp.sprachtherapie-duisburg.de\/aktuelles\/jobs\/","url_meta":{"origin":261,"position":3},"title":"Jobs bei Logop\u00e4die Oehm &#038; Sommer","author":"OS","date":"19. April 2023","format":false,"excerpt":"12 \/ 2025 Du bist Logop\u00e4din \/ Logop\u00e4de, akademische Sprachtherapeutin \/ Sprachtherapeut oder klinische Linguistin \/ Linguist? (m\/w\/d) Dann bewirb dich jetzt bei uns! Wo du uns findest: Am Jubil\u00e4umshain in Duisburg-R\u00f6ttgersbach \u2013 gemeinsam mit Ergo- und Physiotherapie sowie Kinder- und Jugendlichenpsychotherapie Im Gesundheitszentrum Walsum in Duisburg-Aldenrade \u2013 mit Ergo-\u2026","rel":"","context":"\u00c4hnlicher Beitrag","block_context":{"text":"\u00c4hnlicher Beitrag","link":""},"img":{"alt_text":"","src":"","width":0,"height":0},"classes":[]},{"id":18,"url":"https:\/\/wp.sprachtherapie-duisburg.de\/aktuelles\/impressum\/","url_meta":{"origin":261,"position":4},"title":"Impressum","author":"OS","date":"16. Juni 2021","format":false,"excerpt":"[vc_row][vc_column][vc_column_text] Angaben gem\u00e4\u00df \u00a7 5 TMG Logop\u00e4die Oehm & SommerPrinzenstra\u00dfe 547179 Duisburg Vertreten durch: Ulrike OehmClaudia Kettler-Sommer Kontakt Telefon: +49 203 405090Telefax: +49 203 5558670E-Mail: info@sprachtherapie-duisburg.de Aufsichtsbeh\u00f6rde Land Nordrhein-Westfalen Staatskanzlei des Landes Nordrhein-WestfalenHorionplatz 140213 D\u00fcsseldorfDeutschland \u00a0 \u00a0 Berufsbezeichnung und berufsrechtliche Regelungen Berufsbezeichnung: Logop\u00e4de Zust\u00e4ndige Kammer:Land Nordrhein-Westfalen Staatskanzlei des Landes Nordrhein-WestfalenHorionplatz\u2026","rel":"","context":"\u00c4hnlicher Beitrag","block_context":{"text":"\u00c4hnlicher Beitrag","link":""},"img":{"alt_text":"","src":"","width":0,"height":0},"classes":[]},{"id":26,"url":"https:\/\/wp.sprachtherapie-duisburg.de\/aktuelles\/leistungen\/","url_meta":{"origin":261,"position":5},"title":"Leistungsspektrum","author":"OS","date":"16. Juni 2021","format":false,"excerpt":"[vc_row][vc_column css_animation=\"fadeIn\"][vc_empty_space height=\"40px\"][vc_column_text] DIE THERAPIE [\/vc_column_text][vc_column_text css_animation=\"bottom-to-top\"] Wir behandeln alle Formen von Entwicklungsst\u00f6rungen der kindlichen Sprache verbale Entwicklungsdyspraxien myofunktionelle St\u00f6rungen Stottern bei Kindern, Jugendlichen und Erwachsenen neurologisch bedingte Sprach-, Sprech- und Schluckst\u00f6rungen bei Kindern, Jugendlichen und Erwachsenen Stimmst\u00f6rungen Lese-, Rechtschreib- und Rechenst\u00f6rung (LRS \/ Dyskalkulie) Menschen mit Mehrfachbehinderungen Ess-, Trink-\u2026","rel":"","context":"\u00c4hnlicher Beitrag","block_context":{"text":"\u00c4hnlicher Beitrag","link":""},"img":{"alt_text":"","src":"https:\/\/i0.wp.com\/wp.sprachtherapie-duisburg.de\/wp-content\/uploads\/2022\/04\/DSC_0243.jpg?fit=520%2C340&ssl=1&resize=350%2C200","width":350,"height":200},"classes":[]}],"jetpack_sharing_enabled":true,"_links":{"self":[{"href":"https:\/\/wp.sprachtherapie-duisburg.de\/aktuelles\/wp-json\/wp\/v2\/pages\/261","targetHints":{"allow":["GET"]}}],"collection":[{"href":"https:\/\/wp.sprachtherapie-duisburg.de\/aktuelles\/wp-json\/wp\/v2\/pages"}],"about":[{"href":"https:\/\/wp.sprachtherapie-duisburg.de\/aktuelles\/wp-json\/wp\/v2\/types\/page"}],"author":[{"embeddable":true,"href":"https:\/\/wp.sprachtherapie-duisburg.de\/aktuelles\/wp-json\/wp\/v2\/users\/3"}],"replies":[{"embeddable":true,"href":"https:\/\/wp.sprachtherapie-duisburg.de\/aktuelles\/wp-json\/wp\/v2\/comments?post=261"}],"version-history":[{"count":9,"href":"https:\/\/wp.sprachtherapie-duisburg.de\/aktuelles\/wp-json\/wp\/v2\/pages\/261\/revisions"}],"predecessor-version":[{"id":1519,"href":"https:\/\/wp.sprachtherapie-duisburg.de\/aktuelles\/wp-json\/wp\/v2\/pages\/261\/revisions\/1519"}],"wp:featuredmedia":[{"embeddable":true,"href":"https:\/\/wp.sprachtherapie-duisburg.de\/aktuelles\/wp-json\/wp\/v2\/media\/608"}],"wp:attachment":[{"href":"https:\/\/wp.sprachtherapie-duisburg.de\/aktuelles\/wp-json\/wp\/v2\/media?parent=261"}],"curies":[{"name":"wp","href":"https:\/\/api.w.org\/{rel}","templated":true}]}}